{"id":24,"date":"2020-02-13T18:52:10","date_gmt":"2020-02-13T17:52:10","guid":{"rendered":"http:\/\/civerny.cz\/?page_id=24"},"modified":"2024-12-30T17:01:31","modified_gmt":"2024-12-30T16:01:31","slug":"cenik","status":"publish","type":"page","link":"https:\/\/civerny.cz\/?page_id=24","title":{"rendered":"Cen\u00edk"},"content":{"rendered":"\n<p><strong>Svatebn\u00ed fotografie<\/strong><br><strong>Bal\u00ed\u010dek A: 6.000 K\u010d<\/strong><br>100 upraven\u00fdch fotografi\u00ed cca 2 hodiny focen\u00ed<br>Bal\u00ed\u010dek obsahuje fotografov\u00e1n\u00ed ob\u0159adu, skupinov\u00fdch fotografi\u00ed a novoman\u017eelsk\u00e9 portr\u00e9ty.<br><strong>Bal\u00ed\u010dek B: 12.000 K\u010d<\/strong><br>200 upraven\u00fdch fotografi\u00ed cca 5 hodin focen\u00ed<br>Bal\u00ed\u010dek obsahuje fotografov\u00e1n\u00ed p\u0159\u00edprav, p\u0159\u00edjezd i ob\u0159ad. Skupinov\u00e9 focen\u00ed, stylizovan\u00e9 fotografie novoman\u017eel\u016f a fotografov\u00e1n\u00ed na hostin\u011b.<br><strong>Bal\u00ed\u010dek C: 18.000 K\u010d<\/strong><br>350 \u2013 400 upraven\u00fdch fotografi\u00ed cca 10 hodin focen\u00ed<br>Bal\u00ed\u010dek obsahuje fotografov\u00e1n\u00ed cel\u00fd den fotografov\u00e1n\u00ed p\u0159\u00edprav, p\u0159\u00edjezd i ob\u0159ad. Skupinov\u00e9 focen\u00ed, stylizovan\u00e9 fotografie novoman\u017eel\u016f a fotografov\u00e1n\u00ed na hostin\u011b, spole\u010dn\u00fd tanec, kr\u00e1jen\u00ed dortu a ve\u010dern\u00ed z\u00e1bavu.<\/p>\n\n\n\n<hr class=\"wp-block-separator has-alpha-channel-opacity is-style-wide\"\/>\n\n\n\n<p><strong>Portr\u00e9t <\/strong>\/ profesn\u00ed portr\u00e9t \/ glamour \/ natural<br>Mo\u017enosti fotografov\u00e1n\u00ed ateli\u00e9r, exteri\u00e9r, interi\u00e9r, pop\u0159\u00edpad\u011b u v\u00e1s doma dle domluvy.<br><strong>Bal\u00ed\u010dek A: 3.000 K\u010d<\/strong><br>3 upraven\u00e9 fotky \/ 30 \u2013 40 minut v\u010detn\u011b p\u0159\u00edprav<br>400 K\u010d za ka\u017edou dal\u0161\u00ed fotografi\u00ed<br><strong>Bal\u00ed\u010dek B: 5.000 K\u010d<\/strong><br>10 upraven\u00fdch fotek \/ 60 \u2013 90 minut v\u010detn\u011b p\u0159\u00edprav<br>300 K\u010d za ka\u017edou dal\u0161\u00ed fotografi\u00ed<br><strong>Bal\u00ed\u010dek C: 7.000 K\u010d mo\u017enost zaji\u0161t\u011bn\u00ed viz\u00e1\u017eistky<\/strong><br>20 upraven\u00fdch fotek \/ 90 \u2013 180 minut v\u010detn\u011b p\u0159\u00edprav<br>200 K\u010d za ka\u017edou dal\u0161\u00ed fotografi\u00ed<\/p>\n\n\n\n<hr class=\"wp-block-separator has-alpha-channel-opacity is-style-wide\"\/>\n\n\n\n<p><strong>Rodinn\u00e9 foto<\/strong><br>Mo\u017enosti fotografov\u00e1n\u00ed dle domluvy \u2013 ateli\u00e9r, exteri\u00e9r, interi\u00e9r, pop\u0159\u00edpad\u011b u V\u00e1s doma .<br><strong>Bal\u00ed\u010dek A: 3.900 K\u010d<\/strong><br>15 upraven\u00fdch fotek \/ 60 minut focen\u00ed<br>do 5 osob jako celku<br>300 K\u010d za ka\u017edou dal\u0161\u00ed fotografi\u00ed<br><strong>Bal\u00ed\u010dek B: 4.900 K\u010d<\/strong><br>25 upraven\u00fdch fotek \/ 90 minut focen\u00ed<br>200 K\u010d za ka\u017edou dal\u0161\u00ed fotografi\u00ed<br><strong>Bal\u00ed\u010dek C: 6.500 K\u010d<\/strong><br>35 upraven\u00fdch fotek \/ 120 minut focen\u00ed<br>mo\u017en\u00e9 i jako oslava<br>100 K\u010d za ka\u017edou dal\u0161\u00ed fotografi\u00ed<\/p>\n\n\n\n<hr class=\"wp-block-separator has-alpha-channel-opacity is-style-wide\"\/>\n\n\n\n<p><strong>Cena ateli\u00e9ru nen\u00ed v cen\u011b bal\u00ed\u010dku.<\/strong><\/p>\n\n\n\n<hr class=\"wp-block-separator has-alpha-channel-opacity is-style-wide\"\/>\n\n\n\n<p><strong>Firemn\u00ed akce<\/strong><br>Ve\u010d\u00edrky, oslavy firemn\u00ed eventy report\u00e1\u017en\u00ed focen\u00ed.<br><strong>Bal\u00ed\u010dek A: 8.000 K\u010d<\/strong> cca 5 \u2013 6 hodin focen\u00ed v\u00e1mi vybran\u00e9 a n\u00e1sledn\u011b upraven\u00e9 fotografie v digit\u00e1ln\u00ed podob\u011b<\/p>\n\n\n\n<p><strong>Bal\u00ed\u010dek B: 15.000 K\u010d<\/strong> celodenn\u00ed focen\u00ed v\u00e1mi vybran\u00e9 a n\u00e1sledn\u011b upraven\u00e9 fotografie v digit\u00e1ln\u00ed podob\u011b<\/p>\n\n\n\n<hr class=\"wp-block-separator has-alpha-channel-opacity is-style-wide\"\/>\n\n\n\n<p><strong>R\u00e1d se s V\u00e1mi setk\u00e1m na osobn\u00ed sch\u016fzce, abychom si ujasnili Va\u0161i p\u0159edstavu o pr\u016fb\u011bhu a rozsahu fotografov\u00e1n\u00ed. (Ka\u017ed\u00fd bal\u00ed\u010dek lze upravit pro Va\u0161i konkr\u00e9tn\u00ed pot\u0159ebu.)<\/strong><\/p>\n\n\n\n<hr class=\"wp-block-separator has-alpha-channel-opacity is-style-wide\"\/>\n\n\n\n<p><strong>D\u00e1rkov\u00e9 poukazy<\/strong><br>V\u0161echny fotobal\u00ed\u010dky je mo\u017en\u00e9 zakoupit tak\u00e9 formou d\u00e1rkov\u00e9ho poukazu. D\u00e1rkov\u00fd poukaz na fotografov\u00e1n\u00ed se hod\u00ed jako d\u00e1rek k narozenin\u00e1m, sv\u00e1tku, nebo jako V\u00e1no\u010dn\u00ed d\u00e1rek. Poukaz je mo\u017en\u00e9 vyu\u017e\u00edt na focen\u00ed um\u011bleck\u00fdch portr\u00e9t\u016f, profesn\u00edch portr\u00e9t\u016f, glamour, natural. Vhodn\u00e9 i jako d\u00e1rek na posledn\u00ed chv\u00edli.<\/p>\n\n\n\n<div class=\"wp-block-contact-form-7-contact-form-selector\">\n<div class=\"wpcf7 no-js\" id=\"wpcf7-f813-o1\" lang=\"cs-CZ\" dir=\"ltr\" data-wpcf7-id=\"813\">\n<div class=\"screen-reader-response\"><p role=\"status\" aria-live=\"polite\" aria-atomic=\"true\"><\/p> <ul><\/ul><\/div>\n<form action=\"\/index.php?rest_route=%2Fwp%2Fv2%2Fpages%2F24#wpcf7-f813-o1\" method=\"post\" class=\"wpcf7-form init\" aria-label=\"Kontaktn\u00ed formul\u00e1\u0159\" novalidate=\"novalidate\" data-status=\"init\">\n<fieldset class=\"hidden-fields-container\"><input type=\"hidden\" name=\"_wpcf7\" value=\"813\" \/><input type=\"hidden\" name=\"_wpcf7_version\" value=\"6.1.5\" \/><input type=\"hidden\" name=\"_wpcf7_locale\" value=\"cs_CZ\" \/><input type=\"hidden\" name=\"_wpcf7_unit_tag\" value=\"wpcf7-f813-o1\" \/><input type=\"hidden\" name=\"_wpcf7_container_post\" value=\"0\" \/><input type=\"hidden\" name=\"_wpcf7_posted_data_hash\" value=\"\" \/>\n<\/fieldset>\n<p><label> Va\u0161e jm\u00e9no (vy\u017eadov\u00e1no)<br \/>\n<span class=\"wpcf7-form-control-wrap\" data-name=\"your-name\"><input size=\"40\" maxlength=\"400\" class=\"wpcf7-form-control wpcf7-text wpcf7-validates-as-required\" aria-required=\"true\" aria-invalid=\"false\" value=\"\" type=\"text\" name=\"your-name\" \/><\/span> <\/label>\n<\/p>\n<p><label> V\u00e1\u0161 e-mail (vy\u017eadov\u00e1no)<br \/>\n<span class=\"wpcf7-form-control-wrap\" data-name=\"your-email\"><input size=\"40\" maxlength=\"400\" class=\"wpcf7-form-control wpcf7-email wpcf7-validates-as-required wpcf7-text wpcf7-validates-as-email\" aria-required=\"true\" aria-invalid=\"false\" value=\"\" type=\"email\" name=\"your-email\" \/><\/span> <\/label>\n<\/p>\n<p><label> P\u0159edm\u011bt<br \/>\n<span class=\"wpcf7-form-control-wrap\" data-name=\"your-subject\"><input size=\"40\" maxlength=\"400\" class=\"wpcf7-form-control wpcf7-text\" aria-invalid=\"false\" value=\"\" type=\"text\" name=\"your-subject\" \/><\/span> <\/label>\n<\/p>\n<p><label> Va\u0161e zpr\u00e1va<br \/>\n<span class=\"wpcf7-form-control-wrap\" data-name=\"your-message\"><textarea cols=\"40\" rows=\"10\" maxlength=\"2000\" class=\"wpcf7-form-control wpcf7-textarea\" aria-invalid=\"false\" name=\"your-message\"><\/textarea><\/span> <\/label>\n<\/p>\n<p><input class=\"wpcf7-form-control wpcf7-submit has-spinner\" type=\"submit\" value=\"Odeslat\" \/>\n<\/p><div class=\"wpcf7-response-output\" aria-hidden=\"true\"><\/div>\n<\/form>\n<\/div>\n<\/div>\n\n\n\n<p><br><strong>Obchodn\u00ed podm\u00ednky<\/strong><br>U svatebn\u00edho focen\u00ed je nutn\u00e9 uhradit rezerva\u010dn\u00ed poplatek 2.000 K\u010d. Cena za fotografov\u00e1n\u00ed je oby\u010dejn\u011b splatn\u00e1 p\u0159edem, av\u0161ak nejpozd\u011bji p\u0159i p\u0159ed\u00e1n\u00ed fotografi\u00ed. Dodan\u00e9 fotografie nen\u00ed dovoleno jakkoli upravovat a prezentovat je pak jako d\u00edlo fotografa.<br>Pozdn\u00ed p\u0159\u00edchod<br>Pozdn\u00ed p\u0159\u00edchod na domluven\u00e9 fotografov\u00e1n\u00ed bez p\u0159edchoz\u00ed omluvy nen\u00ed d\u016fvodem pro prodlou\u017een\u00ed \u010dasu zak\u00e1zky (tj. pro posunut\u00ed jej\u00edho konce).<\/p>\n\n\n\n<p><strong>Dal\u0161\u00ed ujedn\u00e1n\u00ed<\/strong><br>Z\u00e1kazn\u00edk nab\u00fdv\u00e1 k zakoupen\u00fdm fotografi\u00edm vlastnick\u00e1 pr\u00e1va, nikoli pr\u00e1va autorsk\u00e1, kter\u00e1 n\u00e1le\u017e\u00ed pouze fotografovi.<br>Fotografie nen\u00ed dovoleno vyu\u017e\u00edvat ke komer\u010dn\u00edm \u00fa\u010del\u016fm, propagaci \u010di prodeji t\u0159et\u00ed stran\u011b, pokud tak nebude p\u0159edem v\u00fdslovn\u011b domluveno.<br>Dodan\u00e9 fotografie nen\u00ed dovoleno jakkoli upravovat a prezentovat je pak jako d\u00edlo fotografa.<\/p>\n\n\n\n<p><strong>TFP focen\u00ed<\/strong> vlastn\u00edch projekt\u016f<br>Krom\u011b zak\u00e1zek fot\u00edm i sv\u00e9 vlastn\u00ed projekty pro \u00fa\u010dely obohacen\u00ed portfolia fotografi\u00ed. B\u011b\u017en\u011b se pou\u017e\u00edv\u00e1 zkr\u00e1tka TFP (Time For Prints) fotograf vlo\u017e\u00ed do d\u00edla svoji invenci, um a techniku a model svou tv\u00e1\u0159 a t\u011blo. Ani jedna strana si ne\u00fa\u010dtuje odm\u011bnu, proto\u017ee tou jsou jim spole\u010dn\u011b vytvo\u0159en\u00e9 fotografie.<\/p>\n\n\n\n<p>Podm\u00ednky pro focen\u00ed formou TFP<br>a) Fotky z focen\u00ed vyb\u00edr\u00e1 fotograf.<br>b) Upraven\u00e9 fotky budou zve\u0159ejn\u011bny.<br>c) Focen\u00ed v\u011bt\u0161inou prob\u00edh\u00e1 tak, \u017ee se potk\u00e1me nejl\u00e9pe v kav\u00e1rn\u011b a domluv\u00edme<br>podrobnosti a rozsah focen\u00ed. Pak vyraz\u00edme rovnou fotit, pokud jde o venkovn\u00ed portr\u00e9t.<br>d) Pokud jde o fotky zahrnuj\u00edc\u00ed nahotu (glamour, akty atd.), domluv\u00edme se na lokaci<br>a podrobnostech samotn\u00e9ho focen\u00ed. Upraven\u00e9 fotografie pos\u00edl\u00e1m nejd\u0159\u00edve ke<br>schv\u00e1len\u00ed pak teprve publikuji .<br>e) Kdy\u017e fotky zve\u0159ejn\u00edte, uve\u010fte m\u011b v\u017edy jako autora.<\/p>\n\n\n\n<p>Modelky do sv\u00fdch projekt\u016f<br>si vyb\u00edr\u00e1m v\u011bt\u0161inou s\u00e1m, ale pokud m\u00e1te dobr\u00fd n\u00e1pad, \u010di zn\u00e1te zaj\u00edmavou lokalitu kde bychom mohli fotit. Ozv\u011bte se mi.<\/p>\n\n\n\n<div class=\"wp-block-media-text alignwide is-vertically-aligned-top\" style=\"grid-template-columns:15% auto\"><figure class=\"wp-block-media-text__media\"><img decoding=\"async\" src=\"http:\/\/civerny.cz\/wp-content\/uploads\/2020\/02\/civa-klobouk-icona-01-1024x1024.jpg\" alt=\"\" class=\"wp-image-451 size-full\"\/><\/figure><div class=\"wp-block-media-text__content\">\n<p class=\"has-normal-font-size\"> <strong>Jan \u010civern\u00fd<\/strong><br>Tel. 734 354 406<br><a href=\"mailto:janciverny@gmail.com\"> janciverny@gmail.com<\/a> <\/p>\n<\/div><\/div>\n\n\n\n<hr class=\"wp-block-separator has-css-opacity is-style-wide\"\/>\n\n\n\n<div class=\"wp-block-button\"><a class=\"wp-block-button__link wp-element-button\" href=\"http:\/\/civerny.cz\/\" style=\"border-radius:50px\">zp\u011bt<\/a><\/div>\n","protected":false},"excerpt":{"rendered":"<p>Svatebn\u00ed fotografieBal\u00ed\u010dek A: 6.000 K\u010d100 upraven\u00fdch fotografi\u00ed cca 2 hodiny focen\u00edBal\u00ed\u010dek obsahuje fotografov\u00e1n\u00ed ob\u0159adu, skupinov\u00fdch fotografi\u00ed a novoman\u017eelsk\u00e9 portr\u00e9ty.Bal\u00ed\u010dek B: 12.000 K\u010d200 upraven\u00fdch fotografi\u00ed cca 5 hodin focen\u00edBal\u00ed\u010dek obsahuje fotografov\u00e1n\u00ed p\u0159\u00edprav, p\u0159\u00edjezd i ob\u0159ad. Skupinov\u00e9 focen\u00ed, stylizovan\u00e9 fotografie novoman\u017eel\u016f a fotografov\u00e1n\u00ed na hostin\u011b.Bal\u00ed\u010dek C: 18.000 &hellip; <a href=\"https:\/\/civerny.cz\/?page_id=24\" class=\"more-link\"><span>Continue reading<span class=\"screen-reader-text\">Cen\u00edk<\/span><\/span><\/a><\/p>\n","protected":false},"author":1,"featured_media":0,"parent":0,"menu_order":0,"comment_status":"closed","ping_status":"closed","template":"","meta":{"ngg_post_thumbnail":0,"footnotes":""},"class_list":["post-24","page","type-page","status-publish","hentry"],"_links":{"self":[{"href":"https:\/\/civerny.cz\/index.php?rest_route=\/wp\/v2\/pages\/24","targetHints":{"allow":["GET"]}}],"collection":[{"href":"https:\/\/civerny.cz\/index.php?rest_route=\/wp\/v2\/pages"}],"about":[{"href":"https:\/\/civerny.cz\/index.php?rest_route=\/wp\/v2\/types\/page"}],"author":[{"embeddable":true,"href":"https:\/\/civerny.cz\/index.php?rest_route=\/wp\/v2\/users\/1"}],"replies":[{"embeddable":true,"href":"https:\/\/civerny.cz\/index.php?rest_route=%2Fwp%2Fv2%2Fcomments&post=24"}],"version-history":[{"count":60,"href":"https:\/\/civerny.cz\/index.php?rest_route=\/wp\/v2\/pages\/24\/revisions"}],"predecessor-version":[{"id":1751,"href":"https:\/\/civerny.cz\/index.php?rest_route=\/wp\/v2\/pages\/24\/revisions\/1751"}],"wp:attachment":[{"href":"https:\/\/civerny.cz\/index.php?rest_route=%2Fwp%2Fv2%2Fmedia&parent=24"}],"curies":[{"name":"wp","href":"https:\/\/api.w.org\/{rel}","templated":true}]}}